{"id":4635,"date":"2015-11-21T14:15:21","date_gmt":"2015-11-21T13:15:21","guid":{"rendered":"http:\/\/www.lesmonts.ch\/wp_fr\/?page_id=4635"},"modified":"2019-01-06T15:31:07","modified_gmt":"2019-01-06T14:31:07","slug":"aquarelles-de-marcel-jaton-2","status":"publish","type":"page","link":"https:\/\/www.lesmonts.ch\/wp_fr\/page-d-exemple\/les-habitants\/marcel-jaton\/aquarelles-de-marcel-jaton-2\/","title":{"rendered":"Aquarelles de Marcel Jaton"},"content":{"rendered":"<p style=\"text-align: center;\"><strong>Les aquarelles de <a href=\"http:\/\/www.lesmonts.ch\/wp_fr\/?page_id=77\">Marcel Jaton<\/a><\/strong><\/p>\n<p style=\"text-align: left;\">L&rsquo;aquarelle est parfois consid\u00e9r\u00e9 comme une technique \u00ab\u00a0mineure\u00a0\u00bb, compar\u00e9e \u00e0 la peinture \u00e0 l&rsquo;huile, par exemple. Mais elle permet une meilleure vitesse d&rsquo;ex\u00e9cution, et par cons\u00e9quent une r\u00e9alisation plus spontan\u00e9e, plus compatible avec le voyage et la randonn\u00e9e en environnement difficile.<\/p>\n<p style=\"text-align: left;\">Cette page ouvre les&nbsp; portes de diverses \u00ab\u00a0salles th\u00e9matiques\u00a0\u00bb, o\u00f9 vous pourrez p\u00e9n\u00e9trer en cliquant simplement sur la vignette qui sert de porte d&rsquo;entr\u00e9e. Bonne visite !<\/p>\n<hr>\n<p><a href=\"http:\/\/www.lesmonts.ch\/wp_fr\/?page_id=4501\"><img loading=\"lazy\" decoding=\"async\" class=\"aligncenter size-medium wp-image-4636\" src=\"http:\/\/www.lesmonts.ch\/wp_fr\/wp-content\/uploads\/2015\/11\/Montagne1_thumb-300x218.jpg\" alt=\"Montagne1_thumb\" width=\"300\" height=\"218\"><\/a><\/p>\n<p style=\"text-align: center;\"><strong>La montagne et la neige.<\/strong><\/p>\n<p>Marcel Jaton a beaucoup pratiqu\u00e9 la montagne en hiver et \u00e0 skis. A une \u00e9poque o\u00f9 le mat\u00e9riel ne permettait gu\u00e8re les exploits, il a ski\u00e9 en virage parall\u00e8le quelques-unes des plus difficiles montagnes des Alpes. Pensez-y en admirant quelques \u0153uvres expos\u00e9es dans cette salle virtuelle.<\/p>\n<hr>\n<p><a href=\"http:\/\/www.lesmonts.ch\/wp_fr\/?page_id=4725\"><img loading=\"lazy\" decoding=\"async\" class=\"aligncenter size-medium wp-image-4728\" src=\"http:\/\/www.lesmonts.ch\/wp_fr\/wp-content\/uploads\/2015\/11\/Montagne2_thumb-300x242.jpg\" alt=\"Montagne2_thumb\" width=\"300\" height=\"242\"><\/a><\/p>\n<p style=\"text-align: center;\"><strong>Moyenne montagne<\/strong><\/p>\n<p>Une galerie riche, mais peut-\u00eatre moins spectaculaire que certaines autres. La moyenne montagne est moins spectaculaire, mais plus subtile, en ambiances et en atmosph\u00e8res diverses.<\/p>\n<hr>\n<p style=\"text-align: center;\"><strong>&nbsp;Le lac L\u00e9man et Lausanne<\/strong><\/p>\n<p style=\"text-align: left;\"><a href=\"http:\/\/www.lesmonts.ch\/wp_fr\/?page_id=4741\"><img loading=\"lazy\" decoding=\"async\" class=\"aligncenter size-medium wp-image-4824\" src=\"http:\/\/www.lesmonts.ch\/wp_fr\/wp-content\/uploads\/2015\/11\/Leman_thumb-300x220.jpg\" alt=\"Leman_thumb\" width=\"300\" height=\"220\"><\/a>Le calme du lac L\u00e9man, mais aussi ses col\u00e8res, sont ici traduites dans cette s\u00e9rie d&rsquo;aquarelles. La r\u00e9gion a beaucoup chang\u00e9 depuis l&rsquo;\u00e9poque o\u00f9 ces aquarelles ont \u00e9t\u00e9 r\u00e9alis\u00e9es, mais le lac garde sa magie de couleurs et d&rsquo;ambiances.<\/p>\n<hr>\n<p style=\"text-align: center;\">&nbsp;<strong>Arbres et For\u00eats<\/strong><\/p>\n<p style=\"text-align: left;\"><a href=\"http:\/\/www.lesmonts.ch\/wp_fr\/?page_id=4910\"><img loading=\"lazy\" decoding=\"async\" class=\"aligncenter size-medium wp-image-4913\" src=\"http:\/\/www.lesmonts.ch\/wp_fr\/wp-content\/uploads\/2015\/11\/foret_thumb-300x219.jpg\" alt=\"foret_thumb\" width=\"300\" height=\"219\"><\/a>La for\u00eat, dans le Jura ou dans le Chablais, est une source d&rsquo;inspiration constante au fil des saisons, avec les lumi\u00e8res tamis\u00e9es des sous-bois et le calme des for\u00eats profondes.<\/p>\n<hr>\n<p style=\"text-align: left;\">Vous seriez int\u00e9ress\u00e9 \u00e0 acqu\u00e9rir l&rsquo;une ou l&rsquo;autre aquarelle ? Alors n&rsquo;h\u00e9sitez pas \u00e0 me contacter, \u00e9ventuellement en pr\u00e9cisant la ou les aquarelles qui vous plairaient. Utilisez le formulaire de contact suivant :<\/p>\n<p>&nbsp;<\/p>\n\n<div class=\"wpcf7 no-js\" id=\"wpcf7-f185-o1\" lang=\"fr-FR\" dir=\"ltr\" data-wpcf7-id=\"185\">\n<div class=\"screen-reader-response\"><p role=\"status\" aria-live=\"polite\" aria-atomic=\"true\"><\/p> <ul><\/ul><\/div>\n<form action=\"\/wp_fr\/wp-json\/wp\/v2\/pages\/4635#wpcf7-f185-o1\" method=\"post\" class=\"wpcf7-form init\" aria-label=\"Formulaire de contact\" novalidate=\"novalidate\" data-status=\"init\">\n<fieldset class=\"hidden-fields-container\"><input type=\"hidden\" name=\"_wpcf7\" value=\"185\" \/><input type=\"hidden\" name=\"_wpcf7_version\" value=\"6.1.5\" \/><input type=\"hidden\" name=\"_wpcf7_locale\" value=\"fr_FR\" \/><input type=\"hidden\" name=\"_wpcf7_unit_tag\" value=\"wpcf7-f185-o1\" \/><input type=\"hidden\" name=\"_wpcf7_container_post\" value=\"0\" \/><input type=\"hidden\" name=\"_wpcf7_posted_data_hash\" value=\"\" \/><input type=\"hidden\" name=\"_wpcf7_recaptcha_response\" value=\"\" \/>\n<\/fieldset>\n<p>Votre nom (obligatoire)\n<\/p>\n<p><span class=\"wpcf7-form-control-wrap\" data-name=\"your-name\"><input size=\"40\" maxlength=\"400\" class=\"wpcf7-form-control wpcf7-text wpcf7-validates-as-required\" aria-required=\"true\" aria-invalid=\"false\" value=\"\" type=\"text\" name=\"your-name\" \/><\/span>\n<\/p>\n<p>Votre email (obligatoire)\n<\/p>\n<p><span class=\"wpcf7-form-control-wrap\" data-name=\"your-email\"><input size=\"40\" maxlength=\"400\" class=\"wpcf7-form-control wpcf7-email wpcf7-validates-as-required wpcf7-text wpcf7-validates-as-email\" aria-required=\"true\" aria-invalid=\"false\" value=\"\" type=\"email\" name=\"your-email\" \/><\/span>\n<\/p>\n<p>Sujet\n<\/p>\n<p><span class=\"wpcf7-form-control-wrap\" data-name=\"your-subject\"><input size=\"40\" maxlength=\"400\" class=\"wpcf7-form-control wpcf7-text\" aria-invalid=\"false\" value=\"\" type=\"text\" name=\"your-subject\" \/><\/span>\n<\/p>\n<p>Votre message\n<\/p>\n<p><span class=\"wpcf7-form-control-wrap\" data-name=\"your-message\"><textarea cols=\"40\" rows=\"10\" maxlength=\"2000\" class=\"wpcf7-form-control wpcf7-textarea\" aria-invalid=\"false\" name=\"your-message\"><\/textarea><\/span>\n<\/p>\n<p><input class=\"wpcf7-form-control wpcf7-submit has-spinner\" type=\"submit\" value=\"Envoyer\" \/>\n<\/p><p style=\"display: none !important;\" class=\"akismet-fields-container\" data-prefix=\"_wpcf7_ak_\"><label>&#916;<textarea name=\"_wpcf7_ak_hp_textarea\" cols=\"45\" rows=\"8\" maxlength=\"100\"><\/textarea><\/label><input type=\"hidden\" id=\"ak_js_1\" name=\"_wpcf7_ak_js\" value=\"37\"\/><script>\ndocument.getElementById( \"ak_js_1\" ).setAttribute( \"value\", ( new Date() ).getTime() );\n<\/script>\n<\/p><div class=\"wpcf7-response-output\" aria-hidden=\"true\"><\/div>\n<\/form>\n<\/div>\n\n","protected":false},"excerpt":{"rendered":"<p>Les aquarelles de Marcel Jaton L&rsquo;aquarelle est parfois consid\u00e9r\u00e9 comme une technique \u00ab\u00a0mineure\u00a0\u00bb, compar\u00e9e \u00e0 la peinture \u00e0 l&rsquo;huile, par exemple. Mais elle permet une meilleure vitesse d&rsquo;ex\u00e9cution, et par cons\u00e9quent une r\u00e9alisation plus spontan\u00e9e, plus compatible avec le voyage et la randonn\u00e9e en environnement difficile. Cette page ouvre les&nbsp; portes de diverses \u00ab\u00a0salles th\u00e9matiques\u00a0\u00bb, &hellip; <a href=\"https:\/\/www.lesmonts.ch\/wp_fr\/page-d-exemple\/les-habitants\/marcel-jaton\/aquarelles-de-marcel-jaton-2\/\" class=\"more-link\">Continuer la lecture de <span class=\"screen-reader-text\">Aquarelles de Marcel Jaton<\/span>  <span class=\"meta-nav\">&rarr;<\/span><\/a><\/p>\n","protected":false},"author":1,"featured_media":0,"parent":77,"menu_order":0,"comment_status":"closed","ping_status":"closed","template":"","meta":{"_crdt_document":"","ngg_post_thumbnail":0,"footnotes":""},"class_list":["post-4635","page","type-page","status-publish","hentry"],"_links":{"self":[{"href":"https:\/\/www.lesmonts.ch\/wp_fr\/wp-json\/wp\/v2\/pages\/4635","targetHints":{"allow":["GET"]}}],"collection":[{"href":"https:\/\/www.lesmonts.ch\/wp_fr\/wp-json\/wp\/v2\/pages"}],"about":[{"href":"https:\/\/www.lesmonts.ch\/wp_fr\/wp-json\/wp\/v2\/types\/page"}],"author":[{"embeddable":true,"href":"https:\/\/www.lesmonts.ch\/wp_fr\/wp-json\/wp\/v2\/users\/1"}],"replies":[{"embeddable":true,"href":"https:\/\/www.lesmonts.ch\/wp_fr\/wp-json\/wp\/v2\/comments?post=4635"}],"version-history":[{"count":13,"href":"https:\/\/www.lesmonts.ch\/wp_fr\/wp-json\/wp\/v2\/pages\/4635\/revisions"}],"predecessor-version":[{"id":5490,"href":"https:\/\/www.lesmonts.ch\/wp_fr\/wp-json\/wp\/v2\/pages\/4635\/revisions\/5490"}],"up":[{"embeddable":true,"href":"https:\/\/www.lesmonts.ch\/wp_fr\/wp-json\/wp\/v2\/pages\/77"}],"wp:attachment":[{"href":"https:\/\/www.lesmonts.ch\/wp_fr\/wp-json\/wp\/v2\/media?parent=4635"}],"curies":[{"name":"wp","href":"https:\/\/api.w.org\/{rel}","templated":true}]}}