{"id":175,"date":"2014-07-19T08:25:50","date_gmt":"2014-07-19T07:25:50","guid":{"rendered":"http:\/\/www.lesmonts.ch\/wp_fr\/?page_id=175"},"modified":"2015-09-28T21:03:41","modified_gmt":"2015-09-28T19:03:41","slug":"markus-jaton","status":"publish","type":"page","link":"https:\/\/www.lesmonts.ch\/wp_fr\/page-d-exemple\/markus-jaton\/","title":{"rendered":"Markus Jaton"},"content":{"rendered":"<p>L&rsquo;auteur du site \u00ab\u00a0<a title=\"Les Monts\" href=\"http:\/\/www.lesmonts.ch\/wp_fr\/\">Les Monts<\/a>\u00ab\u00a0, c&rsquo;est moi.<\/p>\n<p><a href=\"http:\/\/www.lesmonts.ch\/wp_fr\/wp-content\/uploads\/2014\/07\/mjn.jpg\"><img loading=\"lazy\" decoding=\"async\" class=\"alignnone size-medium wp-image-177\" src=\"http:\/\/www.lesmonts.ch\/wp_fr\/wp-content\/uploads\/2014\/07\/mjn-237x300.jpg\" alt=\"mjn\" width=\"237\" height=\"300\" srcset=\"https:\/\/www.lesmonts.ch\/wp_fr\/wp-content\/uploads\/2014\/07\/mjn-237x300.jpg 237w, https:\/\/www.lesmonts.ch\/wp_fr\/wp-content\/uploads\/2014\/07\/mjn.jpg 475w\" sizes=\"auto, (max-width: 237px) 100vw, 237px\" \/><\/a><\/p>\n<p class=\"bodytext\" align=\"justify\">N\u00e9 le 01.01.1950, j&rsquo;ai obtenu mon dipl\u00f4me d&rsquo;ing\u00e9nieur \u00e9lectricien <a title=\"EPFL\" href=\"http:\/\/www.epfl.ch\/\" target=\"_blank\">EPFL <\/a>en 1975. Apr\u00e8s avoir travaill\u00e9 un temps comme collaborateur \u00e0 la chaire de T\u00e9l\u00e9communications de l&rsquo;EPFL, p\u00e9riode pendant laquelle j&rsquo;ai aussi enseign\u00e9 \u00e0 <a title=\"TIC Alg\u00e9rie\" href=\"http:\/\/www.ito.dz\/\" target=\"_blank\">l&rsquo;institut de T\u00e9l\u00e9communications d&rsquo;Oran<\/a> (Alg\u00e9rie), j&rsquo;ai \u00e9t\u00e9 engag\u00e9 en 1980 par l&rsquo;entreprise yverdonnoise <a title=\"Bolex International SA\" href=\"http:\/\/www.bolex.ch\/NEW\/index.php\" target=\"_blank\">Eumig-Bolex SA<\/a>, puis j&rsquo;ai fond\u00e9 en 1981 une entreprise sp\u00e9cialis\u00e9e dans la micro-informatique et la micro\u00e9lectronique; en 1983, j&rsquo;ai \u00e9t\u00e9\u00a0 engag\u00e9 chez Siemens-Albis SA (actuellement <a title=\"Siemens Suisse\" href=\"http:\/\/www.siemens.ch\/home\/index.php\" target=\"_blank\">Siemens Suisse SA<\/a>). Dans cette entreprise o\u00f9 je suis rest\u00e9 jusqu&rsquo;en 1995, j&rsquo;ai particip\u00e9 au d\u00e9veloppement d&rsquo;un centre de comp\u00e9tences mondial en gestion de r\u00e9seaux publics et d\u00e9velopp\u00e9 de nombreuses applications de gestion dans le domaine de la t\u00e9l\u00e9phonie publique.<\/p>\n<p class=\"bodytext\" align=\"justify\">J&rsquo;ai ensuite \u00e9t\u00e9 engag\u00e9 comme enseignant \u00e0 la <a title=\"HEIG-VD\" href=\"http:\/\/www.heig-vd.ch\/\" target=\"_blank\">Haute Ecole d&rsquo;Ing\u00e9ni\u00e9rie et de Gestion du canton de Vaud<\/a> (alors \u00ab\u00a0Ecole d&rsquo;Ing\u00e9nieurs de l&rsquo;Etat de Vaud\u00a0\u00bb) en 1995, et j&rsquo;ai obtenu le titre de professeur en 2000.<\/p>\n<p class=\"bodytext\" align=\"justify\">J&rsquo;ai enseign\u00e9 tout d&rsquo;abord les T\u00e9l\u00e9communications et l&rsquo;Informatique, ainsi que les infrastructures rencontr\u00e9es dans le cadre des acc\u00e8s Internet et les services offerts dans ce contexte. J&rsquo;ai de ce fait enseign\u00e9 les langages Java et C++, les protocoles de communication applicatifs, et les syst\u00e8mes informatiques distribu\u00e9s. A partir de 2001, je me suis tourn\u00e9 vers les syst\u00e8mes mobiles \u00e9mergents, et j&rsquo;ai contribu\u00e9 \u00e0 fonder la soci\u00e9t\u00e9 <a title=\"sysmosoft\" href=\"http:\/\/www.sysmosoft.com\" target=\"_blank\">SYSMOSOFT<\/a>, dirig\u00e9e par quelques-uns de mes anciens \u00e9tudiants.<\/p>\n<p class=\"bodytext\">Parmi les projets de recherche appliqu\u00e9e et d\u00e9veloppement, deux pr\u00e9occupations se dessinent, qui se rejoignent d&rsquo;ailleurs dans la notion de \u00ab\u00a0<a title=\"User Aware\" href=\"http:\/\/useraware.iict.ch\" target=\"_blank\">User awareness<\/a>\u00ab\u00a0, anglicisme qui a donn\u00e9 son nom au groupe de collaborateurs de l&rsquo;institut <a title=\"Institute of Information and Communication Technologies\" href=\"http:\/\/www.iict.ch\" target=\"_blank\">IICT <\/a>dont je fais partie, et dont je suis le cofondateur avec mon coll\u00e8gue Stefano Ventura. Ces deux pr\u00e9occupations sont l&rsquo;informatique mobile et la sant\u00e9. On peut supposer que le deuxi\u00e8me th\u00e8me a \u00e9t\u00e9 inspir\u00e9 par des probl\u00e8mes y relatifs&#8230; J&rsquo;ai contribu\u00e9, avec un coll\u00e8gue de la <a title=\"HESAV\" href=\"http:\/\/www.hesav.ch\" target=\"_blank\">Haute Ecole de la Sant\u00e9 du canton de Vaud<\/a>, \u00e0 fonder la <a title=\"Ing\u00e9nierie et Sant\u00e9\" href=\"http:\/\/www.ingenierie-sante.ch\" target=\"_blank\">plateforme Ing\u00e9nierie-Sant\u00e9<\/a> en 2012, destin\u00e9e \u00e0 resserrer les liens entre ing\u00e9nieurs et professionnels de la sant\u00e9, et ainsi essayer de contribuer ensemble \u00e0 l&rsquo;am\u00e9lioration des conditions de travail et de l&rsquo;efficacit\u00e9 des soins prodigu\u00e9s aux malades.<\/p>\n<p class=\"bodytext\">Sur le plan personnel, j&rsquo;ai toujours ador\u00e9 la montagne que j&rsquo;ai parcourue en long et en large pendant plus de quarante ans, jusqu&rsquo;\u00e0 ce que des ennuis cardiaques me contraignent \u00e0 viser des objectifs plus modestes. Si je continue \u00e0 faire du ski et de la randonn\u00e9e, les descentes extr\u00eames et les courses de haute montagne impliquant un engagement important sont d\u00e9sormais des souvenirs. C&rsquo;est aussi en partie ce qui a motiv\u00e9 une refonte du site et une r\u00e9vision de son contenu, d\u00e9sormais plus ax\u00e9 vers les randonn\u00e9es dans la nature, les promenades photographiques, et le ski de randonn\u00e9e \u00e9picurien.<\/p>\n<p class=\"bodytext\">Ma retraite professionnelle a d\u00e9but\u00e9 officiellement au 1 janvier 2015. Mais retraite n&rsquo;est pas synonyme d&rsquo;inactivit\u00e9; je garde un pied dans les projets de\u00a0 l&rsquo;institut. Et comme le faisait remarquer un de mes chers coll\u00e8gues qui m&rsquo;a pr\u00e9c\u00e9d\u00e9 \u00e0 la retraite : \u00ab\u00a0Avant, je n&rsquo;avais pas une minute \u00e0 moi; maintenant que je suis \u00e0 la retraite, je n&rsquo;ai plus une seconde\u00a0\u00bb.<\/p>\n","protected":false},"excerpt":{"rendered":"<p>L&rsquo;auteur du site \u00ab\u00a0Les Monts\u00ab\u00a0, c&rsquo;est moi. N\u00e9 le 01.01.1950, j&rsquo;ai obtenu mon dipl\u00f4me d&rsquo;ing\u00e9nieur \u00e9lectricien EPFL en 1975. Apr\u00e8s avoir travaill\u00e9 un temps comme collaborateur \u00e0 la chaire de T\u00e9l\u00e9communications de l&rsquo;EPFL, p\u00e9riode pendant laquelle j&rsquo;ai aussi enseign\u00e9 \u00e0 l&rsquo;institut de T\u00e9l\u00e9communications d&rsquo;Oran (Alg\u00e9rie), j&rsquo;ai \u00e9t\u00e9 engag\u00e9 en 1980 par l&rsquo;entreprise yverdonnoise Eumig-Bolex SA, &hellip; <a href=\"https:\/\/www.lesmonts.ch\/wp_fr\/page-d-exemple\/markus-jaton\/\" class=\"more-link\">Continuer la lecture de <span class=\"screen-reader-text\">Markus Jaton<\/span>  <span class=\"meta-nav\">&rarr;<\/span><\/a><\/p>\n","protected":false},"author":1,"featured_media":0,"parent":2,"menu_order":0,"comment_status":"closed","ping_status":"closed","template":"","meta":{"_crdt_document":"","ngg_post_thumbnail":0,"footnotes":""},"class_list":["post-175","page","type-page","status-publish","hentry"],"_links":{"self":[{"href":"https:\/\/www.lesmonts.ch\/wp_fr\/wp-json\/wp\/v2\/pages\/175","targetHints":{"allow":["GET"]}}],"collection":[{"href":"https:\/\/www.lesmonts.ch\/wp_fr\/wp-json\/wp\/v2\/pages"}],"about":[{"href":"https:\/\/www.lesmonts.ch\/wp_fr\/wp-json\/wp\/v2\/types\/page"}],"author":[{"embeddable":true,"href":"https:\/\/www.lesmonts.ch\/wp_fr\/wp-json\/wp\/v2\/users\/1"}],"replies":[{"embeddable":true,"href":"https:\/\/www.lesmonts.ch\/wp_fr\/wp-json\/wp\/v2\/comments?post=175"}],"version-history":[{"count":7,"href":"https:\/\/www.lesmonts.ch\/wp_fr\/wp-json\/wp\/v2\/pages\/175\/revisions"}],"predecessor-version":[{"id":4468,"href":"https:\/\/www.lesmonts.ch\/wp_fr\/wp-json\/wp\/v2\/pages\/175\/revisions\/4468"}],"up":[{"embeddable":true,"href":"https:\/\/www.lesmonts.ch\/wp_fr\/wp-json\/wp\/v2\/pages\/2"}],"wp:attachment":[{"href":"https:\/\/www.lesmonts.ch\/wp_fr\/wp-json\/wp\/v2\/media?parent=175"}],"curies":[{"name":"wp","href":"https:\/\/api.w.org\/{rel}","templated":true}]}}